{"id":749,"date":"2022-11-24T10:24:01","date_gmt":"2022-11-24T09:24:01","guid":{"rendered":"http:\/\/www.1300etc.de\/?page_id=749"},"modified":"2023-10-04T10:07:10","modified_gmt":"2023-10-04T08:07:10","slug":"datenschutz","status":"publish","type":"page","link":"https:\/\/www.1300etc.de\/fr\/datenschutz\/","title":{"rendered":"Protection des donn\u00e9es"},"content":{"rendered":"<nav id=\"_nav_menu-14-684\" class=\"oxy-nav-menu\" ><div class='oxy-menu-toggle'><div class='oxy-nav-menu-hamburger-wrap'><div class='oxy-nav-menu-hamburger'><div class='oxy-nav-menu-hamburger-line'><\/div><div class='oxy-nav-menu-hamburger-line'><\/div><div class='oxy-nav-menu-hamburger-line'><\/div><\/div><\/div><\/div><div class=\"menu-hauptmenue-container\"><ul id=\"menu-hauptmenue\" class=\"oxy-nav-menu-list\"><li id=\"menu-item-761\" class=\"menu-item menu-item-type-post_type menu-item-object-page menu-item-home menu-item-761\"><a href=\"https:\/\/www.1300etc.de\/fr\/\">Page d'accueil<\/a><\/li>\n<li id=\"menu-item-760\" class=\"menu-item menu-item-type-post_type menu-item-object-page menu-item-760\"><a href=\"https:\/\/www.1300etc.de\/fr\/termine\/\">Calendrier<\/a><\/li>\n<li id=\"menu-item-1095\" class=\"menu-item menu-item-type-post_type menu-item-object-page menu-item-1095\"><a href=\"https:\/\/www.1300etc.de\/fr\/ergebnisse\/\">R\u00e9sultats<\/a><\/li>\n<li id=\"menu-item-1156\" class=\"menu-item menu-item-type-post_type menu-item-object-page menu-item-1156\"><a href=\"https:\/\/www.1300etc.de\/fr\/historie\/\">Historique<\/a><\/li>\n<li id=\"menu-item-870\" class=\"menu-item menu-item-type-post_type menu-item-object-page menu-item-870\"><a href=\"https:\/\/www.1300etc.de\/fr\/anmeldung\/\">Inscription &amp; informations<\/a><\/li>\n<li id=\"menu-item-763\" class=\"menu-item menu-item-type-post_type menu-item-object-page menu-item-763\"><a href=\"https:\/\/www.1300etc.de\/fr\/faq\/\">FAQ<\/a><\/li>\n<li id=\"menu-item-1172\" class=\"menu-item menu-item-type-custom menu-item-object-custom menu-item-1172\"><a href=\"https:\/\/www.stickereien-dowe.de\/shop\/BMT-Racing-1300ETC-c174628285\">Shop<\/a><\/li>\n<li id=\"menu-item-758\" class=\"menu-item menu-item-type-post_type menu-item-object-page menu-item-758\"><a href=\"https:\/\/www.1300etc.de\/fr\/kontakt\/\">Contact<\/a><\/li>\n<\/ul><\/div><\/nav><div id=\"div_block-24-681\" class=\"ct-div-block nav-unterseite\" ><div id=\"div_block-6-681\" class=\"ct-div-block inner-wrap\" ><a id=\"link-7-681\" class=\"ct-link\" href=\"http:\/\/www.1300etc.de\/fr\/\"   ><img decoding=\"async\"  id=\"image-8-681\" alt=\"\" src=\"https:\/\/www.1300etc.de\/wp-content\/uploads\/2024\/11\/logo-black.png\" class=\"ct-image\" srcset-disabled=\"https:\/\/www.1300etc.de\/wp-content\/uploads\/2024\/11\/logo-black.png 571w, https:\/\/www.1300etc.de\/wp-content\/uploads\/2024\/11\/logo-black-300x53.png 300w, https:\/\/www.1300etc.de\/wp-content\/uploads\/2024\/11\/logo-black-18x3.png 18w\" sizes=\"(max-width: 571px) 100vw, 571px\" \/><\/a><div id=\"div_block-9-681\" class=\"ct-div-block navigation-fixed\" ><a id=\"link_text-10-681\" class=\"ct-link-text nav-item-fixed\" href=\"http:\/\/www.1300etc.de\/fr\/\"   >Page d'accueil<\/a><a id=\"link_text-16-681\" class=\"ct-link-text nav-item-fixed\" href=\"https:\/\/www.1300etc.de\/fr\/termine\/\"   >termine<\/a><a id=\"link_text-22-681\" class=\"ct-link-text nav-item-fixed\" href=\"https:\/\/www.1300etc.de\/fr\/ergebnisse\/\"   >R\u00e9sultats<\/a><a id=\"link_text-23-681\" class=\"ct-link-text nav-item-fixed\" href=\"https:\/\/www.1300etc.de\/fr\/historie\/\"   >Historique<\/a><a id=\"link_text-18-681\" class=\"ct-link-text nav-item-fixed\" href=\"http:\/\/www.1300etc.de\/fr\/anmeldung\/\"   >Inscription &amp; informations<br><\/a><a id=\"link_text-19-681\" class=\"ct-link-text nav-item-fixed\" href=\"http:\/\/www.1300etc.de\/fr\/faq\/\"   >FAQ<\/a><a id=\"link_text-25-681\" class=\"ct-link-text nav-item-fixed\" href=\"https:\/\/www.stickereien-dowe.de\/shop\/BMT-Racing-1300ETC-c174628285\" target=\"_blank\"  >Shop<\/a><a id=\"link_text-21-681\" class=\"ct-link-text nav-item-fixed\" href=\"http:\/\/www.1300etc.de\/fr\/shop\/\"   >Shop<\/a><a id=\"link_text-20-681\" class=\"ct-link-text nav-item-fixed\" href=\"http:\/\/www.1300etc.de\/fr\/kontakt\/\"   >Contact<\/a><\/div><\/div><\/div><section id=\"section-4-749\" class=\"ct-section\" ><div class=\"ct-section-inner-wrap\"><div id=\"div_block-6-749\" class=\"ct-div-block\" ><h1 id=\"headline-7-749\" class=\"ct-headline h1\">Protection des donn\u00e9es<\/h1><h3 id=\"headline-9-749\" class=\"ct-headline h3\">Datenschutz auf einen Blick<\/h3><h4 id=\"headline-17-749\" class=\"ct-headline h4\">Allgemeine Hinweise<br><\/h4><div id=\"text_block-8-749\" class=\"ct-text-block\" >Die folgenden Hinweise geben einen einfachen \u00dcberblick dar\u00fcber, was mit Ihren personen\u00adbezogenen Daten passiert, wenn Sie unsere Website besuchen. Personen\u00adbezogene Daten sind alle Daten, mit denen Sie pers\u00f6nlich identifiziert werden k\u00f6nnen. Ausf\u00fchrliche Informationen zum Thema Daten\u00adschutz entnehmen Sie unserer unter diesem Text aufgef\u00fchrten Daten\u00adschutz\u00aderkl\u00e4rung.<\/div><h4 id=\"headline-84-749\" class=\"ct-headline h4\">Datenerfassung auf unserer Website<\/h4><h5 id=\"headline-86-749\" class=\"ct-headline\">Wer ist verantwortlich f\u00fcr die Daten\u00aderfassung auf dieser Website?<\/h5><div id=\"text_block-10-749\" class=\"ct-text-block\" >Die Datenverarbeitung auf dieser Website erfolgt durch den Website\u00adbetreiber. Dessen Kontakt\u00addaten k\u00f6nnen Sie dem Impressum dieser Website entnehmen.<\/div><h5 id=\"headline-87-749\" class=\"ct-headline\">Wie erfassen wir Ihre Daten?<\/h5><div id=\"text_block-11-749\" class=\"ct-text-block\" >Ihre Daten werden zum einen dadurch erhoben, dass Sie uns diese mit\u00adteilen. Hierbei kann es sich z. B. um Daten handeln, die Sie in ein Kontakt\u00adformular eingeben. Andere Daten werden automatisch beim Besuch der Website durch unsere IT-Systeme erfasst. Das sind vor allem technische Daten (z. B. Internet\u00adbrowser, Betriebs\u00adsystem oder Uhrzeit des Seitenaufrufs). Die Erfassung dieser Daten erfolgt automatisch, sobald Sie unsere Website betreten.<\/div><h5 id=\"headline-89-749\" class=\"ct-headline\">Wof\u00fcr nutzen wir Ihre Daten?<\/h5><div id=\"text_block-19-749\" class=\"ct-text-block\" >Ein Teil der Daten wird erhoben, um eine fehler\u00adfreie Bereit\u00adstellung der Website zu gew\u00e4hrleisten. Andere Daten k\u00f6nnen zur Analyse Ihres Nutzer\u00adverhaltens verwendet werden.<\/div><h4 id=\"headline-21-749\" class=\"ct-headline h4\">Welche Rechte haben Sie bez\u00fcglich Ihrer Daten?<\/h4><div id=\"text_block-23-749\" class=\"ct-text-block\" >Sie haben jederzeit das Recht unentgeltlich Auskunft \u00fcber Herkunft, Empf\u00e4nger und Zweck Ihrer gespeicherten personen\u00adbezogenen Daten zu erhalten. Sie haben au\u00dferdem ein Recht, die Berichtigung, Sperrung oder L\u00f6schung dieser Daten zu verlangen. Hierzu sowie zu weiteren Fragen zum Thema Daten\u00adschutz k\u00f6nnen Sie sich jederzeit unter der im Impressum angegebenen Adresse an uns wenden. Des Weiteren steht Ihnen ein Beschwerde\u00adrecht bei der zust\u00e4ndigen Aufsichts\u00adbeh\u00f6rde zu.<\/div><h3 id=\"headline-91-749\" class=\"ct-headline h3\">Allgemeine Hinweise und Pflichtinformationen<\/h3><h4 id=\"headline-25-749\" class=\"ct-headline h4\">Protection des donn\u00e9es<\/h4><div id=\"text_block-27-749\" class=\"ct-text-block\" >Die Betreiber dieser Seiten nehmen den Schutz Ihrer pers\u00f6nlichen Daten sehr ernst. Wir behandeln Ihre personen\u00adbezogenen Daten vertraulich und entsprechend der gesetzlichen Daten\u00adschutz\u00advorschriften sowie dieser Daten\u00adschutz\u00aderkl\u00e4rung.<\/div><div id=\"text_block-96-749\" class=\"ct-text-block\" >Wenn Sie diese Website benutzen, werden verschiedene personen\u00adbezogene Daten erhoben. Personen\u00adbezogene Daten sind Daten, mit denen Sie pers\u00f6nlich identifiziert werden k\u00f6nnen. Die vorliegende Daten\u00adschutz\u00aderkl\u00e4rung erl\u00e4utert, welche Daten wir erheben und wof\u00fcr wir sie nutzen. Sie erl\u00e4utert auch, wie und zu welchem Zweck das geschieht.<\/div><div id=\"text_block-97-749\" class=\"ct-text-block\" >Wir weisen darauf hin, dass die Daten\u00ad\u00fcbertragung im Internet (z. B. bei der Kommunikation per E-Mail) Sicherheits\u00adl\u00fccken aufweisen kann. Ein l\u00fccken\u00adloser Schutz der Daten vor dem Zugriff durch Dritte ist nicht m\u00f6glich.<\/div><h4 id=\"headline-29-749\" class=\"ct-headline h4\">Hinweis zur verantwortlichen Stelle<\/h4><div id=\"text_block-31-749\" class=\"ct-text-block\" >Die verantwortliche Stelle f\u00fcr die Daten\u00adverarbeitung auf dieser Website ist:<br><br>Tourenwagen Legenden GmbH<br>Gesch\u00e4ftsf\u00fchrer:&nbsp; J\u00f6rg Hatscher<br>Friedrich-Wilhelm-Deus-Str. 3<br>26135 Oldenburg<br><br>Telefon: +49 (0) 44 11 33 44<br>E-Mail:&nbsp;info@tourenwagen-legenden.de<br><br>Verantwortliche Stelle ist die nat\u00fcrliche oder juristische Person, die allein oder gemeinsam mit anderen \u00fcber die Zwecke und Mittel der Verarbeitung von personen\u00adbezogenen Daten (z. B. Namen, E-Mail-Adressen o. \u00c4.) entscheidet.<\/div><div id=\"text_block-211-749\" class=\"ct-text-block\" >Die verantwortliche Stelle f\u00fcr die Daten\u00adverarbeitung auf dieser Website ist:<br><br>BMT Racing UG<br>E-Mail: info@1300etc.de<br><br>Verantwortliche Stelle ist die nat\u00fcrliche oder juristische Person, die allein oder gemeinsam mit anderen \u00fcber die Zwecke und Mittel der Verarbeitung von personen\u00adbezogenen Daten (z. B. Namen, E-Mail-Adressen o. \u00c4.) entscheidet.<\/div><h4 id=\"headline-33-749\" class=\"ct-headline h4\">Widerruf Ihrer Einwilligung zur Daten\u00adverarbeitung<\/h4><div id=\"text_block-35-749\" class=\"ct-text-block\" >Viele Daten\u00adverarbeitungs\u00advorg\u00e4nge sind nur mit Ihrer ausdr\u00fccklichen Einwilligung m\u00f6glich. Sie k\u00f6nnen eine bereits erteilte Einwilligung jederzeit wider\u00adrufen. Dazu reicht eine formlose Mitteilung per E-Mail an uns. Die Recht\u00adm\u00e4\u00dfigkeit der bis zum Widerruf erfolgten Daten\u00adverarbeitung bleibt vom Widerruf unber\u00fchrt.<\/div><h4 id=\"headline-37-749\" class=\"ct-headline h4\">Widerspruchsrecht gegen die Datenerhebung in besonderen F\u00e4llen sowie gegen Direktwerbung (Art. 21 DSGVO)<\/h4><div id=\"text_block-39-749\" class=\"ct-text-block\" >Wenn die Datenverarbeitung auf Grundlage von Art. 6 Abs. 1 lit. e oder f DSGVO erfolgt, haben Sie jeder\u00adzeit das Recht, aus Gr\u00fcnden, die sich aus Ihrer besonderen Situation ergeben, gegen die Verarbeitung Ihrer personen\u00adbezogenen Daten Widerspruch einzulegen; dies gilt auch f\u00fcr ein auf diese Bestimmungen gest\u00fctztes Profiling. Die jeweilige Rechts\u00adgrundlage, auf denen eine Verarbeitung beruht, entnehmen Sie dieser Datenschutz\u00aderkl\u00e4rung. Wenn Sie Widerspruch einlegen, werden wir Ihre betroffenen personen\u00adbezogenen Daten nicht mehr verarbeiten, es sei denn, wir k\u00f6nnen zwingende schutzw\u00fcrdige Gr\u00fcnde f\u00fcr die Verarbeitung nachweisen, die Ihre Interessen, Rechte und Freiheiten \u00fcberwiegen oder die Verarbeitung dient der Geltend\u00admachung, Aus\u00fcbung oder Verteidigung von Rechts\u00adanspr\u00fcchen (Widerspruch nach Art. 21 Abs. 1 DSGVO).<br><br>Werden Ihre personen\u00adbezogenen Daten verarbeitet, um Direkt\u00adwerbung zu betreiben, so haben Sie das Recht, jederzeit Widerspruch gegen die Verarbeitung Sie betreffender personen\u00adbezogener Daten zum Zwecke derartiger Werbung einzulegen; dies gilt auch f\u00fcr das Profiling, soweit es mit solcher Direkt\u00adwerbung in Verbindung steht. Wenn Sie wider\u00adsprechen, werden Ihre personen\u00adbezogenen Daten anschlie\u00dfend nicht mehr zum Zwecke der Direkt\u00adwerbung verwendet (Widerspruch nach Art. 21 Abs. 2 DSGVO).<\/div><h4 id=\"headline-41-749\" class=\"ct-headline h4\">Beschwerderecht bei der zust\u00e4ndigen Aufsichtsbeh\u00f6rde<\/h4><div id=\"text_block-43-749\" class=\"ct-text-block\" >Im Falle von Verst\u00f6\u00dfen gegen die DSGVO steht den Betroffenen ein Beschwerde\u00adrecht bei einer Aufsichts\u00adbeh\u00f6rde, insbesondere in dem Mitglied\u00adstaat ihres gew\u00f6hnlichen Aufenthalts, ihres Arbeits\u00adplatzes oder des Orts des mutma\u00dflichen Versto\u00dfes zu. Das Beschwerde\u00adrecht besteht unbeschadet anderweitiger verwaltungs\u00adrechtlicher oder gerichtlicher Rechtsbehelfe.<\/div><h4 id=\"headline-46-749\" class=\"ct-headline h4\">Recht auf Daten\u00fcbertragbarkeit<\/h4><div id=\"text_block-45-749\" class=\"ct-text-block\" >Sie haben das Recht, Daten, die wir auf Grundlage Ihrer Einwilligung oder in Erf\u00fcllung eines Vertrags automatisiert verarbeiten, an sich oder an einen Dritten in einem g\u00e4ngigen, maschinen\u00adlesbaren Format aush\u00e4ndigen zu lassen. Sofern Sie die direkte \u00dcbertragung der Daten an einen anderen Verantwortlichen verlangen, erfolgt dies nur, soweit es technisch machbar ist.<\/div><h4 id=\"headline-48-749\" class=\"ct-headline h4\">SSL- bzw. TLS-Verschl\u00fcsselung<\/h4><div id=\"text_block-50-749\" class=\"ct-text-block\" >Diese Seite nutzt aus Sicherheits\u00adgr\u00fcnden und zum Schutz der \u00dcber\u00adtragung vertraulicher Inhalte, wie zum Beispiel Bestellungen oder Anfragen, die Sie an uns als Seiten\u00adbetreiber senden, eine SSL-bzw. TLS-Verschl\u00fcsselung. Eine verschl\u00fcsselte Verbindung erkennen Sie daran, dass die Adresszeile des Browsers von \u201chttp:\/\/\u201d auf \u201chttps:\/\/\u201d wechselt und an dem Schloss-Symbol in Ihrer Browserzeile.<br><br>Wenn die SSL- bzw. TLS-Verschl\u00fcsselung aktiviert ist, k\u00f6nnen die Daten, die Sie an uns \u00fcbermitteln, nicht von Dritten mitgelesen werden.<\/div><h4 id=\"headline-53-749\" class=\"ct-headline h4\">Auskunft, Sperrung, L\u00f6schung und Berichtigung<\/h4><div id=\"text_block-55-749\" class=\"ct-text-block\" >Sie haben im Rahmen der geltenden gesetzlichen Bestimmungen jederzeit das Recht auf unent\u00adgeltliche Auskunft \u00fcber Ihre gespeicherten personen\u00adbezogenen Daten, deren Herkunft und Empf\u00e4nger und den Zweck der Daten\u00adverarbeitung und ggf. ein Recht auf Berichtigung, Sperrung oder L\u00f6schung dieser Daten. Hierzu sowie zu weiteren Fragen zum Thema personen\u00adbezogene Daten k\u00f6nnen Sie sich jederzeit unter der im Impressum angegebenen Adresse an uns wenden.<\/div><h4 id=\"headline-58-749\" class=\"ct-headline h4\">Recht auf Einschr\u00e4nkung der Verarbeitung<\/h4><div id=\"text_block-100-749\" class=\"ct-text-block\" >Sie haben das Recht, die Einschr\u00e4nkung der Verarbeitung Ihrer personen\u00adbezogenen Daten zu verlangen. Hierzu k\u00f6nnen Sie sich jederzeit unter der im Impressum angegebenen Adresse an uns wenden. Das Recht auf Einschr\u00e4nkung der Verarbeitung besteht in folgenden F\u00e4llen:<br><\/div><div id=\"_rich_text-109-749\" class=\"oxy-rich-text\" ><ol><li>Wenn Sie die Richtigkeit Ihrer bei uns gespeicherten personen\u00adbezogenen Daten bestreiten, ben\u00f6tigen wir in der Regel Zeit, um dies zu \u00fcberpr\u00fcfen. F\u00fcr die Dauer der Pr\u00fcfung haben Sie das Recht, die Einschr\u00e4nkung der Verarbeitung Ihrer personen\u00adbezogenen Daten zu verlangen.<\/li><li>Wenn die Verarbeitung Ihrer personen\u00adbezogenen Daten unrechtm\u00e4\u00dfig geschah \/ geschieht, k\u00f6nnen Sie statt der L\u00f6schung die Einschr\u00e4nkung der Daten\u00adverarbeitung verlangen.<\/li><li>Wenn wir Ihre personen\u00adbezogenen Daten nicht mehr ben\u00f6tigen, Sie sie jedoch zur Aus\u00fcbung, Verteidigung oder Geltend\u00admachung von Rechts\u00adanspr\u00fcchen ben\u00f6tigen, haben Sie das Recht, statt der L\u00f6schung die Einschr\u00e4nkung der Verarbeitung Ihrer personen\u00adbezogenen Daten zu verlangen.<\/li><li>Wenn Sie einen Widerspruch nach Art. 21 Abs. 1 DSGVO eingelegt haben, muss eine Abw\u00e4gung zwischen Ihren und unseren Interessen vorgenommen werden. Solange noch nicht feststeht, wessen Interessen \u00fcberwiegen, haben Sie das Recht, die Einschr\u00e4nkung der Verarbeitung Ihrer personen\u00adbezogenen Daten zu verlangen.<\/li><\/ol><\/div><div id=\"text_block-110-749\" class=\"ct-text-block\" >Wenn Sie die Verarbeitung Ihrer personen\u00adbezogenen Daten eingeschr\u00e4nkt haben, d\u00fcrfen diese Daten \u2013 von ihrer Speicherung abgesehen \u2013 nur mit Ihrer Einwilligung oder zur Geltend\u00admachung, Aus\u00fcbung oder Verteidigung von Rechts\u00adanspr\u00fcchen oder zum Schutz der Rechte einer anderen nat\u00fcrlichen oder juristischen Person oder aus Gr\u00fcnden eines wichtigen \u00f6ffentlichen Interesses der Europ\u00e4ischen Union oder eines Mitgliedstaats verarbeitet werden.<\/div><h4 id=\"headline-63-749\" class=\"ct-headline h4\">Widerspruch gegen Werbe-Mails<\/h4><div id=\"text_block-65-749\" class=\"ct-text-block\" >Der Nutzung von im Rahmen der Impressums\u00adpflicht ver\u00f6ffentlichten Kontakt\u00addaten zur \u00dcbersendung von nicht ausdr\u00fccklich angeforderter Werbung und Informations\u00admaterialien wird hiermit wider\u00adsprochen. Die Betreiber der Seiten behalten sich ausdr\u00fccklich rechtliche Schritte im Falle der unverlangten Zusendung von Werbe\u00adinformationen, etwa durch Spam-E-Mails, vor.<\/div><h3 id=\"headline-115-749\" class=\"ct-headline h3\">Datenerfassung auf unserer Website<\/h3><h4 id=\"headline-67-749\" class=\"ct-headline h4\">Cookies<\/h4><div id=\"text_block-69-749\" class=\"ct-text-block\" >Die Internetseiten verwenden teilweise so genannte Cookies. Cookies richten auf Ihrem Rechner keinen Schaden an und enthalten keine Viren. Cookies dienen dazu, unser Angebot nutzer\u00adfreundlicher, effektiver und sicherer zu machen. Cookies sind kleine Text\u00addateien, die auf Ihrem Rechner abgelegt werden und die Ihr Browser speichert.<br><br>Die meisten der von uns verwendeten Cookies sind so genannte \u201cSession-Cookies\u201d. Sie werden nach Ende Ihres Besuchs automatisch gel\u00f6scht. Andere Cookies bleiben auf Ihrem Endger\u00e4t gespeichert bis Sie diese l\u00f6schen. Diese Cookies erm\u00f6glichen es uns, Ihren Browser beim n\u00e4chsten Besuch wieder\u00adzuerkennen.<br><br>Sie k\u00f6nnen Ihren Browser so einstellen, dass Sie \u00fcber das Setzen von Cookies informiert werden und Cookies nur im Einzelfall erlauben, die Annahme von Cookies f\u00fcr bestimmte F\u00e4lle oder generell ausschlie\u00dfen sowie das automatische L\u00f6schen der Cookies beim Schlie\u00dfen des Browser aktivieren. Bei der Deaktivierung von Cookies kann die Funktionalit\u00e4t dieser Website eingeschr\u00e4nkt sein.<br><br>Cookies, die zur Durchf\u00fchrung des elektronischen Kommunikations\u00advorgangs oder zur Bereit\u00adstellung bestimmter, von Ihnen erw\u00fcnschter Funktionen erforderlich sind, werden auf Grundlage von Art. 6 Abs. 1 lit. f DSGVO gespeichert. Der Seitenbetreiber hat ein berechtigtes Interesse an der Speicherung von Cookies zur technisch fehlerfreien und optimierten Bereit\u00adstellung seiner Dienste. Soweit andere Cookies (z.B. Cookies zur Analyse Ihres Surf\u00adverhaltens) gespeichert werden, werden diese in dieser Daten\u00adschutz\u00aderkl\u00e4rung gesondert behandelt.<\/div><h4 id=\"headline-72-749\" class=\"ct-headline h4\">Server-Log-Dateien<\/h4><div id=\"text_block-71-749\" class=\"ct-text-block\" >Der Provider der Seiten erhebt und speichert automatisch Informationen in so genannten Server-Log-Dateien, die Ihr Browser automatisch an uns \u00fcbermittelt. Dies sind:<\/div><div id=\"_rich_text-120-749\" class=\"oxy-rich-text\" ><p><!-- wp:list --><\/p><ul><!-- wp:list-item --><li>Browsertyp und Browserversion<\/li><!-- \/wp:list-item --> <!-- wp:list-item --><li>verwendetes Betriebssystem<\/li><!-- \/wp:list-item --> <!-- wp:list-item --><li>Referrer URL<\/li><!-- \/wp:list-item --> <!-- wp:list-item --><li>Hostname des zugreifenden Rechners<\/li><!-- \/wp:list-item --> <!-- wp:list-item --><li>Uhrzeit der Serveranfrage<\/li><!-- \/wp:list-item --> <!-- wp:list-item --><li>IP-Adresse<\/li><!-- \/wp:list-item --><\/ul><p><!-- \/wp:list --><\/p><\/div><div id=\"text_block-121-749\" class=\"ct-text-block\" >Eine Zusammenf\u00fchrung dieser Daten mit anderen Daten\u00adquellen wird nicht vor\u00adgenommen.<br><br>Grundlage f\u00fcr die Datenverarbeitung ist Art. 6 Abs. 1 lit. b DSGVO, der die Verarbeitung von Daten zur Erf\u00fcllung eines Vertrags oder vorvertraglicher Ma\u00df\u00adnahmen gestattet.<\/div><h4 id=\"headline-75-749\" class=\"ct-headline h4\">Anfrage per E-Mail, Telefon oder Telefax<\/h4><div id=\"text_block-74-749\" class=\"ct-text-block\" >Wenn Sie uns per E-Mail, Telefon oder Telefax kontaktieren, wird Ihre Anfrage inklusive aller daraus hervorgehenden personenbezogenen Daten (Name, Anfrage) zum Zwecke der Bearbeitung Ihres Anliegens bei uns gespeichert und verarbeitet. Diese Daten geben wir nicht ohne Ihre Einwilligung weiter.<br><br>Die Verarbeitung dieser Daten erfolgt auf Grundlage von Art. 6 Abs. 1 lit. b DSGVO, sofern Ihre Anfrage mit der Erf\u00fcllung eines Vertrags zusammenh\u00e4ngt oder zur Durchf\u00fchrung vorvertraglicher Ma\u00dfnahmen erforderlich ist. In allen \u00fcbrigen F\u00e4llen beruht die Verarbeitung auf Ihrer Einwilligung (Art. 6 Abs. 1 lit. a DSGVO) und \/ oder auf unseren berechtigten Interessen (Art. 6 Abs. 1 lit. f DSGVO), da wir ein berechtigtes Interesse an der effektiven Bearbeitung der an uns gerichteten Anfragen haben.<br><br>Die von Ihnen an uns per Kontaktanfragen \u00fcbersandten Daten verbleiben bei uns, bis Sie uns zur L\u00f6schung auffordern, Ihre Einwilligung zur Speicherung widerrufen oder der Zweck f\u00fcr die Datenspeicherung entf\u00e4llt (z. B. nach abgeschlossener Bearbeitung Ihres Anliegens). Zwingende gesetzliche Bestimmungen \u2013 insbesondere gesetzliche Aufbewahrungsfristen \u2013 bleiben unber\u00fchrt.<\/div><h3 id=\"headline-123-749\" class=\"ct-headline h3\">Onlinepr\u00e4senzen innerhalb sozialer Netzwerke (Social-Media)<\/h3><h4 id=\"headline-78-749\" class=\"ct-headline h4\">Datenverarbeitung durch soziale Netzwerke<\/h4><div id=\"text_block-80-749\" class=\"ct-text-block\" >Wir unterhalten \u00f6ffentlich zug\u00e4ngliche Profile in sozialen Netzwerken. Die im Einzelnen von uns genutzten sozialen Netzwerke finden Sie weiter unten.<br><br>Soziale Netzwerke wie Facebook, Google+ etc. k\u00f6nnen Ihr Nutzerverhalten in der Regel umfassend analysieren, wenn Sie deren Webseite oder eine Webseite mit integrierten Social-Media-Inhalten (z. B. Like-Buttons oder Werbebannern) besuchen. Durch den Besuch unserer Social-Media-Pr\u00e4senzen werden zahlreiche datenschutzrelevante Verarbeitungsvorg\u00e4nge ausgel\u00f6st. Im Einzelnen:<br><br>Wenn Sie in Ihrem Social-Media-Account eingeloggt sind und unsere Social-Media-Pr\u00e4senz besuchen, kann der Betreiber des Social-Media-Portals diesen Besuch Ihrem Benutzerkonto zuordnen. Ihre personenbezogenen Daten k\u00f6nnen unter Umst\u00e4nden aber auch dann erfasst werden, wenn Sie nicht eingeloggt sind oder keinen Account beim jeweiligen Social-Media-Portal besitzen. Diese Datenerfassung erfolgt in diesem Fall beispielsweise \u00fcber Cookies, die auf Ihrem Endger\u00e4t gespeichert werden oder durch Erfassung Ihrer IP-Adresse.<br><br>Mit Hilfe der so erfassten Daten k\u00f6nnen die Betreiber der Social-Media-Portale Nutzerprofile erstellen, in denen Ihre Pr\u00e4ferenzen und Interessen hinterlegt sind. Auf diese Weise kann Ihnen interessenbezogene Werbung in- und au\u00dferhalb der jeweiligen Social-Media-Pr\u00e4senz angezeigt werden. Sofern Sie \u00fcber einen Account beim jeweiligen sozialen Netzwerk verf\u00fcgen, kann die interessenbezogene Werbung auf allen Ger\u00e4ten angezeigt werden, auf denen Sie eingeloggt sind oder eingeloggt waren.<br><br>Bitte beachten Sie au\u00dferdem, dass wir nicht alle Verarbeitungsprozesse auf den Social-Media-Portalen nachvollziehen k\u00f6nnen. Je nach Anbieter k\u00f6nnen daher ggf. weitere Verarbeitungsvorg\u00e4nge von den Betreibern der Social-Media-Portale durchgef\u00fchrt werden. Details hierzu entnehmen Sie den Nutzungsbedingungen und Datenschutzbestimmungen der jeweiligen Social-Media-Portale.<\/div><h4 id=\"headline-126-749\" class=\"ct-headline h4\">Rechtsgrundlage<\/h4><div id=\"text_block-190-749\" class=\"ct-text-block\" >Unsere Social-Media-Auftritte sollen eine m\u00f6glichst umfassende Pr\u00e4senz im Internet gew\u00e4hrleisten. Hierbei handelt es sich um ein berechtigtes Interesse im Sinne von Art. 6 Abs. 1 lit. f DSGVO. Die von den sozialen Netzwerken initiierten Analyseprozesse beruhen ggf. auf abweichenden Rechtsgrundlagen, die von den Betreibern der sozialen Netzwerke anzugeben sind (z. B. Einwilligung im Sinne des Art. 6 Abs. 1 lit. a DSGVO).<\/div><h4 id=\"headline-185-749\" class=\"ct-headline h4\">Verantwortlicher und Geltendmachung von Rechten<\/h4><div id=\"text_block-187-749\" class=\"ct-text-block\" >Wenn Sie einen unserer Social-Media-Auftritte (z. B. Facebook) besuchen, sind wir gemeinsam mit dem Betreiber der Social-Media-Plattform f\u00fcr die bei diesem Besuch ausgel\u00f6sten Datenverarbeitungsvorg\u00e4nge verantwortlich. Sie k\u00f6nnen Ihre Rechte (Auskunft, Berichtigung, L\u00f6schung, Einschr\u00e4nkung der Verarbeitung, Daten\u00fcbertragbarkeit und Beschwerde) grunds\u00e4tzlich sowohl gegen\u00fcber uns als auch gegen\u00fcber dem Betreiber des jeweiligen Social-Media-Portals (z. B. gegen\u00fcber Facebook) geltend machen.<br><br>Bitte beachten Sie, dass wir trotz der gemeinsamen Verantwortlichkeit mit den Social-Media-Portal-Betreibern nicht vollumf\u00e4nglich Einfluss auf die Datenverarbeitungsvorg\u00e4nge der Social-Media-Portale haben. Unsere M\u00f6glichkeiten richten sich ma\u00dfgeblich nach der Unternehmenspolitik des jeweiligen Anbieters.<\/div><h4 id=\"headline-186-749\" class=\"ct-headline h4\">Speicherdauer<\/h4><div id=\"text_block-128-749\" class=\"ct-text-block\" >Die unmittelbar von uns \u00fcber die Social-Media-Pr\u00e4senz erfassten Daten werden von unseren Systemen gel\u00f6scht, sobald der Zweck f\u00fcr ihre Speicherung entf\u00e4llt, Sie uns zur L\u00f6schung auffordern, Ihre Einwilligung zur Speicherung widerrufen oder der Zweck f\u00fcr die Datenspeicherung entf\u00e4llt. Gespeicherte Cookies verbleiben auf Ihrem Endger\u00e4t, bis Sie sie l\u00f6schen. Zwingende gesetzliche Bestimmungen \u2013 insbesondere Aufbewahrungsfristen \u2013 bleiben unber\u00fchrt.<br><br>Auf die Speicherdauer Ihrer Daten, die von den Betreibern der sozialen Netzwerke zu eigenen Zwecken gespeichert werden, haben wir keinen Einfluss. F\u00fcr Einzelheiten dazu informieren Sie sich bitte direkt bei den Betreibern der sozialen Netzwerke (z. B. in deren Datenschutzerkl\u00e4rung, siehe unten).<br><\/div><h4 id=\"headline-193-749\" class=\"ct-headline h4\">Speicherdauer<\/h4><h5 id=\"headline-195-749\" class=\"ct-headline\">Facebook<\/h5><div id=\"text_block-196-749\" class=\"ct-text-block\" >Wir verf\u00fcgen \u00fcber ein Profil bei Facebook. Anbieter ist die Facebook Inc., 1 Hacker Way, Menlo Park, California 94025, USA. Facebook verf\u00fcgt \u00fcber eine Zertifizierung nach dem EU-US-Privacy-Shield.<br><br>Wir haben mit Facebook eine Vereinbarung \u00fcber eine gemeinsame Verantwortlich\u00adkeit bei der Verarbeitung von Daten (Controller Addendum) geschlossen. In dieser Vereinbarung wird festgelegt, f\u00fcr welche Daten\u00adverarbeitungs\u00advorg\u00e4nge wir bzw. Facebook verantwortlich ist, wenn Sie unsere Facebook- Fanpage besuchen. Diese Vereinbarung k\u00f6nnen Sie unter folgendem Link einsehen:&nbsp;<br><a href=\"https:\/\/www.facebook.com\/legal\/terms\/page_controller_addendum\">https:\/\/www.facebook.com\/legal\/terms\/page_controller_addendum<br><\/a><\/div><div id=\"text_block-199-749\" class=\"ct-text-block\" >Sie k\u00f6nnen Ihre Werbeeinstellungen selbstst\u00e4ndig in Ihrem Nutzer-Account anpassen. Klicken Sie hierzu auf folgenden Link und loggen Sie sich ein: <a href=\"https:\/\/www.facebook.com\/settings?tab=ads\">https:\/\/www.facebook.com\/settings?tab=ads<\/a><br><\/div><div id=\"text_block-201-749\" class=\"ct-text-block\" >Details entnehmen Sie der Datenschutzerkl\u00e4rung von Facebook: <a href=\"https:\/\/www.facebook.com\/about\/privacy\">https:\/\/www.facebook.com\/about\/privacy<\/a><br><\/div><h4 id=\"headline-208-749\" class=\"ct-headline h4\">Aktualisierung der Datenschutz\u00aderkl\u00e4rung<\/h4><div id=\"text_block-207-749\" class=\"ct-text-block\" >Wir behalten uns eine gelegentliche Anpassung unserer Datenschutz\u00aderkl\u00e4rung vor, damit sie stets den aktuellen rechtlichen Anforderungen entspricht oder um \u00c4nderungen unserer Leistungen in der Datenschutz\u00aderkl\u00e4rung umzusetzen. F\u00fcr den Besuch dieser Internet\u00adpr\u00e4senz gilt stets die aktuelle Datenschutz\u00aderkl\u00e4rung.<\/div><\/div><\/div><\/section><section id=\"section-2-675\" class=\"ct-section\" ><div class=\"ct-section-inner-wrap\"><div id=\"footer-wrapper\" class=\"ct-div-block\" ><div id=\"footer\" class=\"ct-div-block\" ><img decoding=\"async\"  id=\"image-20-675\" alt=\"\" src=\"https:\/\/www.1300etc.de\/wp-content\/uploads\/2023\/09\/1300-ETC-Cup-solo-sw-scaled.jpg\" class=\"ct-image\" srcset-disabled=\"https:\/\/www.1300etc.de\/wp-content\/uploads\/2023\/09\/1300-ETC-Cup-solo-sw-scaled.jpg 2560w, https:\/\/www.1300etc.de\/wp-content\/uploads\/2023\/09\/1300-ETC-Cup-solo-sw-300x51.jpg 300w, https:\/\/www.1300etc.de\/wp-content\/uploads\/2023\/09\/1300-ETC-Cup-solo-sw-1024x174.jpg 1024w, https:\/\/www.1300etc.de\/wp-content\/uploads\/2023\/09\/1300-ETC-Cup-solo-sw-768x131.jpg 768w, https:\/\/www.1300etc.de\/wp-content\/uploads\/2023\/09\/1300-ETC-Cup-solo-sw-1536x261.jpg 1536w, https:\/\/www.1300etc.de\/wp-content\/uploads\/2023\/09\/1300-ETC-Cup-solo-sw-2048x348.jpg 2048w\" sizes=\"(max-width: 2560px) 100vw, 2560px\" \/><div id=\"div_block-123-675\" class=\"ct-div-block\" ><div id=\"div_block-21-675\" class=\"ct-div-block\" ><h6 id=\"headline-22-675\" class=\"ct-headline\">Contact<\/h6><div id=\"div_block-23-675\" class=\"ct-div-block\" ><div id=\"text_block-24-675\" class=\"ct-text-block footer-text\" >BMT Racing UG<br><\/div><div id=\"div_block-56-675\" class=\"ct-div-block\" ><div id=\"fancy_icon-57-675\" class=\"ct-fancy-icon\" ><svg id=\"svg-fancy_icon-57-675\"><use xlink:href=\"#FontAwesomeicon-phone\"><\/use><\/svg><\/div><a id=\"text_block-58-675\" class=\"ct-link-text footer-text\" href=\"tel:+491722092492\"   >\u202d+49 172 20 924 92<\/a><\/div><div id=\"div_block-59-675\" class=\"ct-div-block\" ><div id=\"fancy_icon-60-675\" class=\"ct-fancy-icon\" ><svg id=\"svg-fancy_icon-60-675\"><use xlink:href=\"#FontAwesomeicon-envelope\"><\/use><\/svg><\/div><a id=\"text_block-61-675\" class=\"ct-link-text footer-text\" href=\"mailto:info@1300etc.de\"   >info@1300etc.de<\/a><\/div><\/div><\/div><div id=\"div_block-62-675\" class=\"ct-div-block\" ><h6 id=\"headline-63-675\" class=\"ct-headline\">Liens<\/h6><div id=\"div_block-99-675\" class=\"ct-div-block\" ><a id=\"link_text-94-675\" class=\"ct-link-text footer-text\" href=\"http:\/\/www.1300etc.de\/fr\/faq\/\"   >FAQ<\/a><a id=\"link_text-96-675\" class=\"ct-link-text footer-text\" href=\"http:\/\/www.1300etc.de\/fr\/anmeldung\/\"   >formulaire de nomination<\/a><a id=\"link_text-97-675\" class=\"ct-link-text footer-text\" href=\"http:\/\/www.1300etc.de\/fr\/kontakt\/\"   >Contact<\/a><a id=\"link_text-98-675\" class=\"ct-link-text footer-text\" href=\"https:\/\/www.1300etc.de\/fr\/termine\/\"   >Calendrier<\/a><\/div><\/div><div id=\"div_block-105-675\" class=\"ct-div-block\" ><h6 id=\"headline-106-675\" class=\"ct-headline\">Partenaire<\/h6><div id=\"div_block-107-675\" class=\"ct-div-block\" ><a id=\"link_text-124-675\" class=\"ct-link-text footer-text\" href=\"https:\/\/www.motorsport-akademie.de\/\" target=\"_blank\"  >Motorsport Akadamie<br><\/a><a id=\"link_text-108-675\" class=\"ct-link-text footer-text\" href=\"https:\/\/www.stickereien-dowe.de\/\" target=\"_blank\"  >Stickerei Monika Dowe<\/a><a id=\"link_text-126-675\" class=\"ct-link-text footer-text\" href=\"https:\/\/globus-dienstleistung.de\/\" target=\"_blank\"  >Wachdienst Globus<br><\/a><a id=\"link_text-125-675\" class=\"ct-link-text footer-text\" href=\"https:\/\/www.wuerttembergische.de\/versicherungen\/michael.wolf\" target=\"_blank\"  >W\u00fcrttembergische Versicherung Michael Wolf<\/a><a id=\"link_text-127-675\" class=\"ct-link-text footer-text\" href=\"https:\/\/www.notstromtechnik.info\/\" target=\"_blank\"  >Notstromtechnik K\u00fcrten<br><\/a><a id=\"link_text-128-675\" class=\"ct-link-text footer-text\" href=\"https:\/\/www.fastseventies.nl\/en\" target=\"_blank\"  >Fast Seventies<\/a><\/div><\/div><\/div><\/div><div id=\"div_block-5-675\" class=\"ct-div-block\" ><div id=\"div_block-119-675\" class=\"ct-div-block\" ><div id=\"div_block-114-675\" class=\"ct-div-block\" ><div id=\"text_block-6-675\" class=\"ct-text-block\" >\u00a9 1300 ETC 2026<\/div><a id=\"text_block-115-675\" class=\"ct-link-text\" href=\"https:\/\/nickringelmann.com\/\" target=\"_blank\"  >Website by NR<\/a><\/div><div id=\"div_block-10-675\" class=\"ct-div-block\" ><a id=\"text_block-9-675\" class=\"ct-link-text footer-link\" href=\"http:\/\/www.1300etc.de\/fr\/impressum\/\"   >Mentions l\u00e9gales<\/a><a id=\"text_block-8-675\" class=\"ct-link-text\" href=\"http:\/\/www.1300etc.de\/fr\/datenschutz\/\"   >Protection des donn\u00e9es<\/a><\/div><\/div><div id=\"_social_icons-14-675\" class=\"oxy-social-icons\" ><a href='\/fr\/-\/' target='_blank' class='oxy-social-icons-facebook'><svg><title>Visit our Facebook<\/title><use xlink:href='#oxy-social-icons-icon-facebook-blank'><\/use><\/svg><\/a><a href='\/fr\/-\/' target='_blank' class='oxy-social-icons-instagram'><svg><title>Visit our Instagram<\/title><use xlink:href='#oxy-social-icons-icon-instagram-blank'><\/use><\/svg><\/a><\/div><\/div><\/div><\/div><\/section>","protected":false},"excerpt":{"rendered":"","protected":false},"author":4,"featured_media":0,"parent":0,"menu_order":0,"comment_status":"closed","ping_status":"closed","template":"","meta":{"_acf_changed":false,"_crdt_document":"","inline_featured_image":false,"footnotes":""},"class_list":["post-749","page","type-page","status-publish","hentry"],"acf":[],"yoast_head":"<!-- This site is optimized with the Yoast SEO plugin v27.3 - https:\/\/yoast.com\/product\/yoast-seo-wordpress\/ -->\n<title>Datenschutz - 1300 ETC<\/title>\n<meta name=\"description\" content=\"Hier findest Du die Datenschutzerkl\u00e4rung der Website von BMT Racing UG.\" \/>\n<meta name=\"robots\" content=\"index, follow, max-snippet:-1, max-image-preview:large, max-video-preview:-1\" \/>\n<link rel=\"canonical\" href=\"https:\/\/www.1300etc.de\/fr\/datenschutz\/\" \/>\n<meta property=\"og:locale\" content=\"fr_FR\" \/>\n<meta property=\"og:type\" content=\"article\" \/>\n<meta property=\"og:title\" content=\"Datenschutz - 1300 ETC\" \/>\n<meta property=\"og:description\" content=\"Hier findest Du die Datenschutzerkl\u00e4rung der Website von BMT Racing UG.\" \/>\n<meta property=\"og:url\" content=\"https:\/\/www.1300etc.de\/fr\/datenschutz\/\" \/>\n<meta property=\"og:site_name\" content=\"1300 ETC\" \/>\n<meta property=\"article:publisher\" content=\"https:\/\/facebook.com\/KampfderZwerge\/\" \/>\n<meta property=\"article:modified_time\" content=\"2023-10-04T08:07:10+00:00\" \/>\n<meta name=\"twitter:card\" content=\"summary_large_image\" \/>\n<script type=\"application\/ld+json\" class=\"yoast-schema-graph\">{\"@context\":\"https:\\\/\\\/schema.org\",\"@graph\":[{\"@type\":\"WebPage\",\"@id\":\"https:\\\/\\\/www.1300etc.de\\\/datenschutz\\\/\",\"url\":\"https:\\\/\\\/www.1300etc.de\\\/datenschutz\\\/\",\"name\":\"Datenschutz - 1300 ETC\",\"isPartOf\":{\"@id\":\"https:\\\/\\\/www.1300etc.de\\\/#website\"},\"datePublished\":\"2022-11-24T09:24:01+00:00\",\"dateModified\":\"2023-10-04T08:07:10+00:00\",\"description\":\"Hier findest Du die Datenschutzerkl\u00e4rung der Website von BMT Racing UG.\",\"breadcrumb\":{\"@id\":\"https:\\\/\\\/www.1300etc.de\\\/datenschutz\\\/#breadcrumb\"},\"inLanguage\":\"fr-FR\",\"potentialAction\":[{\"@type\":\"ReadAction\",\"target\":[\"https:\\\/\\\/www.1300etc.de\\\/datenschutz\\\/\"]}]},{\"@type\":\"BreadcrumbList\",\"@id\":\"https:\\\/\\\/www.1300etc.de\\\/datenschutz\\\/#breadcrumb\",\"itemListElement\":[{\"@type\":\"ListItem\",\"position\":1,\"name\":\"Startseite\",\"item\":\"https:\\\/\\\/www.1300etc.de\\\/\"},{\"@type\":\"ListItem\",\"position\":2,\"name\":\"Datenschutz\"}]},{\"@type\":\"WebSite\",\"@id\":\"https:\\\/\\\/www.1300etc.de\\\/#website\",\"url\":\"https:\\\/\\\/www.1300etc.de\\\/\",\"name\":\"1300 ETC\",\"description\":\"\",\"publisher\":{\"@id\":\"https:\\\/\\\/www.1300etc.de\\\/#organization\"},\"potentialAction\":[{\"@type\":\"SearchAction\",\"target\":{\"@type\":\"EntryPoint\",\"urlTemplate\":\"https:\\\/\\\/www.1300etc.de\\\/?s={search_term_string}\"},\"query-input\":{\"@type\":\"PropertyValueSpecification\",\"valueRequired\":true,\"valueName\":\"search_term_string\"}}],\"inLanguage\":\"fr-FR\"},{\"@type\":\"Organization\",\"@id\":\"https:\\\/\\\/www.1300etc.de\\\/#organization\",\"name\":\"Kampf der Zwerge e.V.\",\"alternateName\":\"Kampf der Zwerge\",\"url\":\"https:\\\/\\\/www.1300etc.de\\\/\",\"logo\":{\"@type\":\"ImageObject\",\"inLanguage\":\"fr-FR\",\"@id\":\"https:\\\/\\\/www.1300etc.de\\\/#\\\/schema\\\/logo\\\/image\\\/\",\"url\":\"http:\\\/\\\/www.1300etc.de\\\/wp-content\\\/uploads\\\/2022\\\/10\\\/kampf-der-zwerge.svg\",\"contentUrl\":\"http:\\\/\\\/www.1300etc.de\\\/wp-content\\\/uploads\\\/2022\\\/10\\\/kampf-der-zwerge.svg\",\"width\":232,\"height\":165,\"caption\":\"Kampf der Zwerge e.V.\"},\"image\":{\"@id\":\"https:\\\/\\\/www.1300etc.de\\\/#\\\/schema\\\/logo\\\/image\\\/\"},\"sameAs\":[\"https:\\\/\\\/facebook.com\\\/KampfderZwerge\\\/\",\"https:\\\/\\\/www.instagram.com\\\/kampfderzwerge\\\/\"]}]}<\/script>\n<!-- \/ Yoast SEO plugin. -->","yoast_head_json":{"title":"Datenschutz - 1300 ETC","description":"Hier findest Du die Datenschutzerkl\u00e4rung der Website von BMT Racing UG.","robots":{"index":"index","follow":"follow","max-snippet":"max-snippet:-1","max-image-preview":"max-image-preview:large","max-video-preview":"max-video-preview:-1"},"canonical":"https:\/\/www.1300etc.de\/fr\/datenschutz\/","og_locale":"fr_FR","og_type":"article","og_title":"Datenschutz - 1300 ETC","og_description":"Hier findest Du die Datenschutzerkl\u00e4rung der Website von BMT Racing UG.","og_url":"https:\/\/www.1300etc.de\/fr\/datenschutz\/","og_site_name":"1300 ETC","article_publisher":"https:\/\/facebook.com\/KampfderZwerge\/","article_modified_time":"2023-10-04T08:07:10+00:00","twitter_card":"summary_large_image","schema":{"@context":"https:\/\/schema.org","@graph":[{"@type":"WebPage","@id":"https:\/\/www.1300etc.de\/datenschutz\/","url":"https:\/\/www.1300etc.de\/datenschutz\/","name":"Datenschutz - 1300 ETC","isPartOf":{"@id":"https:\/\/www.1300etc.de\/#website"},"datePublished":"2022-11-24T09:24:01+00:00","dateModified":"2023-10-04T08:07:10+00:00","description":"Hier findest Du die Datenschutzerkl\u00e4rung der Website von BMT Racing UG.","breadcrumb":{"@id":"https:\/\/www.1300etc.de\/datenschutz\/#breadcrumb"},"inLanguage":"fr-FR","potentialAction":[{"@type":"ReadAction","target":["https:\/\/www.1300etc.de\/datenschutz\/"]}]},{"@type":"BreadcrumbList","@id":"https:\/\/www.1300etc.de\/datenschutz\/#breadcrumb","itemListElement":[{"@type":"ListItem","position":1,"name":"Startseite","item":"https:\/\/www.1300etc.de\/"},{"@type":"ListItem","position":2,"name":"Datenschutz"}]},{"@type":"WebSite","@id":"https:\/\/www.1300etc.de\/#website","url":"https:\/\/www.1300etc.de\/","name":"1300 ETC","description":"","publisher":{"@id":"https:\/\/www.1300etc.de\/#organization"},"potentialAction":[{"@type":"SearchAction","target":{"@type":"EntryPoint","urlTemplate":"https:\/\/www.1300etc.de\/?s={search_term_string}"},"query-input":{"@type":"PropertyValueSpecification","valueRequired":true,"valueName":"search_term_string"}}],"inLanguage":"fr-FR"},{"@type":"Organization","@id":"https:\/\/www.1300etc.de\/#organization","name":"Kampf der Zwerge e.V.","alternateName":"Kampf der Zwerge","url":"https:\/\/www.1300etc.de\/","logo":{"@type":"ImageObject","inLanguage":"fr-FR","@id":"https:\/\/www.1300etc.de\/#\/schema\/logo\/image\/","url":"http:\/\/www.1300etc.de\/wp-content\/uploads\/2022\/10\/kampf-der-zwerge.svg","contentUrl":"http:\/\/www.1300etc.de\/wp-content\/uploads\/2022\/10\/kampf-der-zwerge.svg","width":232,"height":165,"caption":"Kampf der Zwerge e.V."},"image":{"@id":"https:\/\/www.1300etc.de\/#\/schema\/logo\/image\/"},"sameAs":["https:\/\/facebook.com\/KampfderZwerge\/","https:\/\/www.instagram.com\/kampfderzwerge\/"]}]}},"jetpack_sharing_enabled":true,"_links":{"self":[{"href":"https:\/\/www.1300etc.de\/fr\/wp-json\/wp\/v2\/pages\/749","targetHints":{"allow":["GET"]}}],"collection":[{"href":"https:\/\/www.1300etc.de\/fr\/wp-json\/wp\/v2\/pages"}],"about":[{"href":"https:\/\/www.1300etc.de\/fr\/wp-json\/wp\/v2\/types\/page"}],"author":[{"embeddable":true,"href":"https:\/\/www.1300etc.de\/fr\/wp-json\/wp\/v2\/users\/4"}],"replies":[{"embeddable":true,"href":"https:\/\/www.1300etc.de\/fr\/wp-json\/wp\/v2\/comments?post=749"}],"version-history":[{"count":10,"href":"https:\/\/www.1300etc.de\/fr\/wp-json\/wp\/v2\/pages\/749\/revisions"}],"predecessor-version":[{"id":1054,"href":"https:\/\/www.1300etc.de\/fr\/wp-json\/wp\/v2\/pages\/749\/revisions\/1054"}],"wp:attachment":[{"href":"https:\/\/www.1300etc.de\/fr\/wp-json\/wp\/v2\/media?parent=749"}],"curies":[{"name":"wp","href":"https:\/\/api.w.org\/{rel}","templated":true}]}}